{"id":42,"date":"2021-11-18T19:20:29","date_gmt":"2021-11-18T18:20:29","guid":{"rendered":"http:\/\/www.ff-treffelsdorf.at\/?page_id=42"},"modified":"2021-12-20T20:43:16","modified_gmt":"2021-12-20T19:43:16","slug":"letzter-einsatz","status":"publish","type":"page","link":"https:\/\/www.ff-treffelsdorf.at\/?page_id=42","title":{"rendered":"Eins\u00e4tze"},"content":{"rendered":"\n<div class=\"wp-block-columns is-layout-flex wp-container-core-columns-is-layout-9d6595d7 wp-block-columns-is-layout-flex\">\n<div class=\"wp-block-column has-black-color has-white-background-color has-text-color has-background is-layout-flow wp-block-column-is-layout-flow\" style=\"flex-basis:100%\"><ul class=\"wp-block-latest-posts__list has-dates alignleft wp-block-latest-posts\"><li><div class=\"wp-block-latest-posts__featured-image alignleft\"><a href=\"https:\/\/www.ff-treffelsdorf.at\/?p=2311\" aria-label=\"Waldbrand Zweikirchen\"><img decoding=\"async\" width=\"150\" height=\"150\" src=\"https:\/\/www.ff-treffelsdorf.at\/wp-content\/uploads\/2026\/04\/b852c81e-32f0-45be-9511-79983e82c969-150x150.jpg\" class=\"attachment-thumbnail size-thumbnail wp-post-image\" alt=\"\" style=\"\" \/><\/a><\/div><a class=\"wp-block-latest-posts__post-title\" href=\"https:\/\/www.ff-treffelsdorf.at\/?p=2311\">Waldbrand Zweikirchen<\/a><time datetime=\"2026-04-28T20:48:26+02:00\" class=\"wp-block-latest-posts__post-date\">28. April 2026<\/time><div class=\"wp-block-latest-posts__post-excerpt\">In den Abendstunden des 27.04. wurden wir gemeinsam mit den<\/div><div class=\"blog-btn\"><a href=\"https:\/\/www.ff-treffelsdorf.at\/?p=2311\" class=\"home-blog-btn\">Weiterlesen<\/a><\/div><\/li>\n<li><div class=\"wp-block-latest-posts__featured-image alignleft\"><a href=\"https:\/\/www.ff-treffelsdorf.at\/?p=2308\" aria-label=\"KAT Einsatz Lesachtal\"><img decoding=\"async\" width=\"150\" height=\"150\" src=\"https:\/\/www.ff-treffelsdorf.at\/wp-content\/uploads\/2026\/04\/img_6469-150x150.jpg\" class=\"attachment-thumbnail size-thumbnail wp-post-image\" alt=\"\" style=\"\" \/><\/a><\/div><a class=\"wp-block-latest-posts__post-title\" href=\"https:\/\/www.ff-treffelsdorf.at\/?p=2308\">KAT Einsatz Lesachtal<\/a><time datetime=\"2026-04-28T20:27:14+02:00\" class=\"wp-block-latest-posts__post-date\">28. April 2026<\/time><div class=\"wp-block-latest-posts__post-excerpt\">Am 27.04. sind zwei unserer Mitglieder mit der KAT Bereitschaft<\/div><div class=\"blog-btn\"><a href=\"https:\/\/www.ff-treffelsdorf.at\/?p=2308\" class=\"home-blog-btn\">Weiterlesen<\/a><\/div><\/li>\n<li><div class=\"wp-block-latest-posts__featured-image alignleft\"><a href=\"https:\/\/www.ff-treffelsdorf.at\/?p=2305\" aria-label=\"Wohnhausbrand St.Veit\"><img decoding=\"async\" width=\"150\" height=\"150\" src=\"https:\/\/www.ff-treffelsdorf.at\/wp-content\/uploads\/2026\/03\/0a71e75b-5b42-40f1-853a-da2f384f1a4f-150x150.jpg\" class=\"attachment-thumbnail size-thumbnail wp-post-image\" alt=\"\" style=\"\" \/><\/a><\/div><a class=\"wp-block-latest-posts__post-title\" href=\"https:\/\/www.ff-treffelsdorf.at\/?p=2305\">Wohnhausbrand St.Veit<\/a><time datetime=\"2026-03-27T20:34:10+01:00\" class=\"wp-block-latest-posts__post-date\">27. M\u00e4rz 2026<\/time><div class=\"wp-block-latest-posts__post-excerpt\">Heute wurden wir zu einem Wohnhausbrand nach St.Veit an der<\/div><div class=\"blog-btn\"><a href=\"https:\/\/www.ff-treffelsdorf.at\/?p=2305\" class=\"home-blog-btn\">Weiterlesen<\/a><\/div><\/li>\n<li><div class=\"wp-block-latest-posts__featured-image alignleft\"><a href=\"https:\/\/www.ff-treffelsdorf.at\/?p=2270\" aria-label=\"Fehlalarm Dachstuhlbrand\"><img loading=\"lazy\" decoding=\"async\" width=\"150\" height=\"150\" src=\"https:\/\/www.ff-treffelsdorf.at\/wp-content\/uploads\/2025\/06\/1000000451-1-150x150.jpg\" class=\"attachment-thumbnail size-thumbnail wp-post-image\" alt=\"\" style=\"\" \/><\/a><\/div><a class=\"wp-block-latest-posts__post-title\" href=\"https:\/\/www.ff-treffelsdorf.at\/?p=2270\">Fehlalarm Dachstuhlbrand<\/a><time datetime=\"2026-01-28T15:14:05+01:00\" class=\"wp-block-latest-posts__post-date\">28. Januar 2026<\/time><div class=\"wp-block-latest-posts__post-excerpt\">Heute wurden wir zu einem Dachstuhlbrand in Glantschach alarmiert. Gl\u00fccklicherweise<\/div><div class=\"blog-btn\"><a href=\"https:\/\/www.ff-treffelsdorf.at\/?p=2270\" class=\"home-blog-btn\">Weiterlesen<\/a><\/div><\/li>\n<li><div class=\"wp-block-latest-posts__featured-image alignleft\"><a href=\"https:\/\/www.ff-treffelsdorf.at\/?p=2253\" aria-label=\"Tierrettung eines Pferdes\"><img loading=\"lazy\" decoding=\"async\" width=\"150\" height=\"150\" src=\"https:\/\/www.ff-treffelsdorf.at\/wp-content\/uploads\/2026\/01\/e52cf6c9-85ef-49a8-98c7-90e03ea25058-150x150.jpg\" class=\"attachment-thumbnail size-thumbnail wp-post-image\" alt=\"\" style=\"\" \/><\/a><\/div><a class=\"wp-block-latest-posts__post-title\" href=\"https:\/\/www.ff-treffelsdorf.at\/?p=2253\">Tierrettung eines Pferdes<\/a><time datetime=\"2026-01-13T20:41:45+01:00\" class=\"wp-block-latest-posts__post-date\">13. Januar 2026<\/time><div class=\"wp-block-latest-posts__post-excerpt\">Heute, um 16:40 Uhr, wurden wir zu einer Tierrettung alarmiert.Ein<\/div><div class=\"blog-btn\"><a href=\"https:\/\/www.ff-treffelsdorf.at\/?p=2253\" class=\"home-blog-btn\">Weiterlesen<\/a><\/div><\/li>\n<li><div class=\"wp-block-latest-posts__featured-image alignleft\"><a href=\"https:\/\/www.ff-treffelsdorf.at\/?p=2250\" aria-label=\"Brandeinsatz B2\"><img loading=\"lazy\" decoding=\"async\" width=\"150\" height=\"150\" src=\"https:\/\/www.ff-treffelsdorf.at\/wp-content\/uploads\/2026\/01\/e37fe71d-57f1-481e-afb8-d43db590a0bd-150x150.jpg\" class=\"attachment-thumbnail size-thumbnail wp-post-image\" alt=\"\" style=\"\" \/><\/a><\/div><a class=\"wp-block-latest-posts__post-title\" href=\"https:\/\/www.ff-treffelsdorf.at\/?p=2250\">Brandeinsatz B2<\/a><time datetime=\"2026-01-10T17:39:05+01:00\" class=\"wp-block-latest-posts__post-date\">10. Januar 2026<\/time><div class=\"wp-block-latest-posts__post-excerpt\">Heute, um 10:26 Uhr, wurden wir gemeinsam mit der FF<\/div><div class=\"blog-btn\"><a href=\"https:\/\/www.ff-treffelsdorf.at\/?p=2250\" class=\"home-blog-btn\">Weiterlesen<\/a><\/div><\/li>\n<li><div class=\"wp-block-latest-posts__featured-image alignleft\"><a href=\"https:\/\/www.ff-treffelsdorf.at\/?p=2247\" aria-label=\"Technische Eins\u00e4tze\"><img loading=\"lazy\" decoding=\"async\" width=\"150\" height=\"150\" src=\"https:\/\/www.ff-treffelsdorf.at\/wp-content\/uploads\/2025\/06\/1000000451-1-150x150.jpg\" class=\"attachment-thumbnail size-thumbnail wp-post-image\" alt=\"\" style=\"\" \/><\/a><\/div><a class=\"wp-block-latest-posts__post-title\" href=\"https:\/\/www.ff-treffelsdorf.at\/?p=2247\">Technische Eins\u00e4tze<\/a><time datetime=\"2025-10-23T23:45:05+02:00\" class=\"wp-block-latest-posts__post-date\">23. Oktober 2025<\/time><div class=\"wp-block-latest-posts__post-excerpt\">Heute wurden wir zu mehreren umgest\u00fcrzten B\u00e4umen nach Bei\u00dfendorf und<\/div><div class=\"blog-btn\"><a href=\"https:\/\/www.ff-treffelsdorf.at\/?p=2247\" class=\"home-blog-btn\">Weiterlesen<\/a><\/div><\/li>\n<li><div class=\"wp-block-latest-posts__featured-image alignleft\"><a href=\"https:\/\/www.ff-treffelsdorf.at\/?p=2245\" aria-label=\"Sicherungsarbeiten nach Verkehrsunfall\"><img loading=\"lazy\" decoding=\"async\" width=\"150\" height=\"150\" src=\"https:\/\/www.ff-treffelsdorf.at\/wp-content\/uploads\/2025\/06\/1000000451-1-150x150.jpg\" class=\"attachment-thumbnail size-thumbnail wp-post-image\" alt=\"\" style=\"\" \/><\/a><\/div><a class=\"wp-block-latest-posts__post-title\" href=\"https:\/\/www.ff-treffelsdorf.at\/?p=2245\">Sicherungsarbeiten nach Verkehrsunfall<\/a><time datetime=\"2025-09-30T22:49:02+02:00\" class=\"wp-block-latest-posts__post-date\">30. September 2025<\/time><div class=\"wp-block-latest-posts__post-excerpt\">Heute wurden wir um 20:58 Uhr, gemeinsam mit der Feuerwehr<\/div><div class=\"blog-btn\"><a href=\"https:\/\/www.ff-treffelsdorf.at\/?p=2245\" class=\"home-blog-btn\">Weiterlesen<\/a><\/div><\/li>\n<li><div class=\"wp-block-latest-posts__featured-image alignleft\"><a href=\"https:\/\/www.ff-treffelsdorf.at\/?p=2239\" aria-label=\"Brandeinsatz in Glandorf\"><img loading=\"lazy\" decoding=\"async\" width=\"150\" height=\"150\" src=\"https:\/\/www.ff-treffelsdorf.at\/wp-content\/uploads\/2025\/09\/32aa51bc-077f-41f6-a2c1-62aa4333b88b-150x150.jpg\" class=\"attachment-thumbnail size-thumbnail wp-post-image\" alt=\"\" style=\"\" \/><\/a><\/div><a class=\"wp-block-latest-posts__post-title\" href=\"https:\/\/www.ff-treffelsdorf.at\/?p=2239\">Brandeinsatz in Glandorf<\/a><time datetime=\"2025-09-06T12:41:01+02:00\" class=\"wp-block-latest-posts__post-date\">6. September 2025<\/time><div class=\"wp-block-latest-posts__post-excerpt\">Gestern wurden wir gemeinsam mit den Feuerwehren St.Veit\/Glan, H\u00f6rzendorf-Projern, St.Donat<\/div><div class=\"blog-btn\"><a href=\"https:\/\/www.ff-treffelsdorf.at\/?p=2239\" class=\"home-blog-btn\">Weiterlesen<\/a><\/div><\/li>\n<li><div class=\"wp-block-latest-posts__featured-image alignleft\"><a href=\"https:\/\/www.ff-treffelsdorf.at\/?p=2231\" aria-label=\"Baum auf Fahrbahn\"><img loading=\"lazy\" decoding=\"async\" width=\"150\" height=\"150\" src=\"https:\/\/www.ff-treffelsdorf.at\/wp-content\/uploads\/2025\/08\/57e3b613-f02f-46a1-a251-d54b342be584-150x150.jpg\" class=\"attachment-thumbnail size-thumbnail wp-post-image\" alt=\"\" style=\"\" \/><\/a><\/div><a class=\"wp-block-latest-posts__post-title\" href=\"https:\/\/www.ff-treffelsdorf.at\/?p=2231\">Baum auf Fahrbahn<\/a><time datetime=\"2025-08-01T22:58:11+02:00\" class=\"wp-block-latest-posts__post-date\">1. August 2025<\/time><div class=\"wp-block-latest-posts__post-excerpt\">Heute wurden wir um 21:15 Uhr zu einem \u00fcber die<\/div><div class=\"blog-btn\"><a href=\"https:\/\/www.ff-treffelsdorf.at\/?p=2231\" class=\"home-blog-btn\">Weiterlesen<\/a><\/div><\/li>\n<li><div class=\"wp-block-latest-posts__featured-image alignleft\"><a href=\"https:\/\/www.ff-treffelsdorf.at\/?p=2228\" aria-label=\"Brand einer H\u00fctte\"><img loading=\"lazy\" decoding=\"async\" width=\"150\" height=\"150\" src=\"https:\/\/www.ff-treffelsdorf.at\/wp-content\/uploads\/2025\/07\/8b93e02f-1571-43ec-ac02-39301db5af47-1-150x150.jpg\" class=\"attachment-thumbnail size-thumbnail wp-post-image\" alt=\"\" style=\"\" \/><\/a><\/div><a class=\"wp-block-latest-posts__post-title\" href=\"https:\/\/www.ff-treffelsdorf.at\/?p=2228\">Brand einer H\u00fctte<\/a><time datetime=\"2025-07-12T08:55:02+02:00\" class=\"wp-block-latest-posts__post-date\">12. Juli 2025<\/time><div class=\"wp-block-latest-posts__post-excerpt\">Heute wurden wir gemeinsam mit den Feuerwehren S\u00f6rg, Liebenfels und<\/div><div class=\"blog-btn\"><a href=\"https:\/\/www.ff-treffelsdorf.at\/?p=2228\" class=\"home-blog-btn\">Weiterlesen<\/a><\/div><\/li>\n<li><div class=\"wp-block-latest-posts__featured-image alignleft\"><a href=\"https:\/\/www.ff-treffelsdorf.at\/?p=2225\" aria-label=\"Brandeinsatz\"><img loading=\"lazy\" decoding=\"async\" width=\"150\" height=\"150\" src=\"https:\/\/www.ff-treffelsdorf.at\/wp-content\/uploads\/2025\/07\/img_5631-150x150.jpg\" class=\"attachment-thumbnail size-thumbnail wp-post-image\" alt=\"\" style=\"\" \/><\/a><\/div><a class=\"wp-block-latest-posts__post-title\" href=\"https:\/\/www.ff-treffelsdorf.at\/?p=2225\">Brandeinsatz<\/a><time datetime=\"2025-07-06T12:16:24+02:00\" class=\"wp-block-latest-posts__post-date\">6. Juli 2025<\/time><div class=\"wp-block-latest-posts__post-excerpt\">Heute wurden wir gemeinsam mit der Feuerwehr Oberm\u00fchlbach-Schaumboden zu einem<\/div><div class=\"blog-btn\"><a href=\"https:\/\/www.ff-treffelsdorf.at\/?p=2225\" class=\"home-blog-btn\">Weiterlesen<\/a><\/div><\/li>\n<li><div class=\"wp-block-latest-posts__featured-image alignleft\"><a href=\"https:\/\/www.ff-treffelsdorf.at\/?p=2222\" aria-label=\"Rauchentwicklung im Freien\"><img loading=\"lazy\" decoding=\"async\" width=\"150\" height=\"150\" src=\"https:\/\/www.ff-treffelsdorf.at\/wp-content\/uploads\/2025\/06\/1000000451-1-150x150.jpg\" class=\"attachment-thumbnail size-thumbnail wp-post-image\" alt=\"\" style=\"\" \/><\/a><\/div><a class=\"wp-block-latest-posts__post-title\" href=\"https:\/\/www.ff-treffelsdorf.at\/?p=2222\">Rauchentwicklung im Freien<\/a><time datetime=\"2025-07-03T16:31:14+02:00\" class=\"wp-block-latest-posts__post-date\">3. Juli 2025<\/time><div class=\"wp-block-latest-posts__post-excerpt\">Heute wurden wir gemeinsam mit der Feuerwehr Liebenfels zu einer<\/div><div class=\"blog-btn\"><a href=\"https:\/\/www.ff-treffelsdorf.at\/?p=2222\" class=\"home-blog-btn\">Weiterlesen<\/a><\/div><\/li>\n<li><div class=\"wp-block-latest-posts__featured-image alignleft\"><a href=\"https:\/\/www.ff-treffelsdorf.at\/?p=2220\" aria-label=\"Keller unter Wasser\"><img loading=\"lazy\" decoding=\"async\" width=\"150\" height=\"150\" src=\"https:\/\/www.ff-treffelsdorf.at\/wp-content\/uploads\/2025\/06\/1000000451-1-150x150.jpg\" class=\"attachment-thumbnail size-thumbnail wp-post-image\" alt=\"\" style=\"\" \/><\/a><\/div><a class=\"wp-block-latest-posts__post-title\" href=\"https:\/\/www.ff-treffelsdorf.at\/?p=2220\">Keller unter Wasser<\/a><time datetime=\"2025-06-30T09:34:52+02:00\" class=\"wp-block-latest-posts__post-date\">30. Juni 2025<\/time><div class=\"wp-block-latest-posts__post-excerpt\">Am 27.06 wurden wir in den Morgenstunden zu einem unter<\/div><div class=\"blog-btn\"><a href=\"https:\/\/www.ff-treffelsdorf.at\/?p=2220\" class=\"home-blog-btn\">Weiterlesen<\/a><\/div><\/li>\n<li><div class=\"wp-block-latest-posts__featured-image alignleft\"><a href=\"https:\/\/www.ff-treffelsdorf.at\/?p=2211\" aria-label=\"\u00d6lspur\"><img loading=\"lazy\" decoding=\"async\" width=\"150\" height=\"150\" src=\"https:\/\/www.ff-treffelsdorf.at\/wp-content\/uploads\/2025\/04\/437f951f-46d8-4825-9cef-18d3b5733d6c-150x150.jpeg\" class=\"attachment-thumbnail size-thumbnail wp-post-image\" alt=\"\" style=\"\" srcset=\"https:\/\/www.ff-treffelsdorf.at\/wp-content\/uploads\/2025\/04\/437f951f-46d8-4825-9cef-18d3b5733d6c-150x150.jpeg 150w, https:\/\/www.ff-treffelsdorf.at\/wp-content\/uploads\/2025\/04\/437f951f-46d8-4825-9cef-18d3b5733d6c-300x300.jpeg 300w, https:\/\/www.ff-treffelsdorf.at\/wp-content\/uploads\/2025\/04\/437f951f-46d8-4825-9cef-18d3b5733d6c-1024x1024.jpeg 1024w, https:\/\/www.ff-treffelsdorf.at\/wp-content\/uploads\/2025\/04\/437f951f-46d8-4825-9cef-18d3b5733d6c-768x768.jpeg 768w, https:\/\/www.ff-treffelsdorf.at\/wp-content\/uploads\/2025\/04\/437f951f-46d8-4825-9cef-18d3b5733d6c-1536x1536.jpeg 1536w, https:\/\/www.ff-treffelsdorf.at\/wp-content\/uploads\/2025\/04\/437f951f-46d8-4825-9cef-18d3b5733d6c.jpeg 1599w\" sizes=\"(max-width: 150px) 100vw, 150px\" \/><\/a><\/div><a class=\"wp-block-latest-posts__post-title\" href=\"https:\/\/www.ff-treffelsdorf.at\/?p=2211\">\u00d6lspur<\/a><time datetime=\"2025-04-14T21:16:05+02:00\" class=\"wp-block-latest-posts__post-date\">14. April 2025<\/time><div class=\"wp-block-latest-posts__post-excerpt\">Am 08.04 wurden wir gemeinsam mit den Feuerwehren St.Veit und<\/div><div class=\"blog-btn\"><a href=\"https:\/\/www.ff-treffelsdorf.at\/?p=2211\" class=\"home-blog-btn\">Weiterlesen<\/a><\/div><\/li>\n<li><div class=\"wp-block-latest-posts__featured-image alignleft\"><a href=\"https:\/\/www.ff-treffelsdorf.at\/?p=2202\" aria-label=\"Einsatz des Katastrophenhilfszuges 4\"><img loading=\"lazy\" decoding=\"async\" width=\"150\" height=\"150\" src=\"https:\/\/www.ff-treffelsdorf.at\/wp-content\/uploads\/2024\/10\/Unwettereinsatz-Niederoesterreich-150x150.jpeg\" class=\"attachment-thumbnail size-thumbnail wp-post-image\" alt=\"\" style=\"\" \/><\/a><\/div><a class=\"wp-block-latest-posts__post-title\" href=\"https:\/\/www.ff-treffelsdorf.at\/?p=2202\">Einsatz des Katastrophenhilfszuges 4<\/a><time datetime=\"2024-10-20T18:28:05+02:00\" class=\"wp-block-latest-posts__post-date\">20. Oktober 2024<\/time><div class=\"wp-block-latest-posts__post-excerpt\">Am 17.09 begaben sich zwei unserer Kameraden mit dem KAT<\/div><div class=\"blog-btn\"><a href=\"https:\/\/www.ff-treffelsdorf.at\/?p=2202\" class=\"home-blog-btn\">Weiterlesen<\/a><\/div><\/li>\n<li><div class=\"wp-block-latest-posts__featured-image alignleft\"><a href=\"https:\/\/www.ff-treffelsdorf.at\/?p=2200\" aria-label=\"Baum auf Fahrbahn\"><img loading=\"lazy\" decoding=\"async\" width=\"150\" height=\"150\" src=\"https:\/\/www.ff-treffelsdorf.at\/wp-content\/uploads\/2023\/11\/FB_IMG_1699187176512-150x150.jpg\" class=\"attachment-thumbnail size-thumbnail wp-post-image\" alt=\"\" style=\"\" \/><\/a><\/div><a class=\"wp-block-latest-posts__post-title\" href=\"https:\/\/www.ff-treffelsdorf.at\/?p=2200\">Baum auf Fahrbahn<\/a><time datetime=\"2024-10-20T18:13:37+02:00\" class=\"wp-block-latest-posts__post-date\">20. Oktober 2024<\/time><div class=\"wp-block-latest-posts__post-excerpt\">Am 12.09 wurden wir zu einem \u00fcber die Fahrbahn liegenden<\/div><div class=\"blog-btn\"><a href=\"https:\/\/www.ff-treffelsdorf.at\/?p=2200\" class=\"home-blog-btn\">Weiterlesen<\/a><\/div><\/li>\n<li><div class=\"wp-block-latest-posts__featured-image alignleft\"><a href=\"https:\/\/www.ff-treffelsdorf.at\/?p=2196\" aria-label=\"Unwettereins\u00e4tze\"><img loading=\"lazy\" decoding=\"async\" width=\"150\" height=\"150\" src=\"https:\/\/www.ff-treffelsdorf.at\/wp-content\/uploads\/2024\/07\/34212a97-7bc3-4984-b173-7f5fc394f265-150x150.jpeg\" class=\"attachment-thumbnail size-thumbnail wp-post-image\" alt=\"\" style=\"\" \/><\/a><\/div><a class=\"wp-block-latest-posts__post-title\" href=\"https:\/\/www.ff-treffelsdorf.at\/?p=2196\">Unwettereins\u00e4tze<\/a><time datetime=\"2024-07-19T16:07:54+02:00\" class=\"wp-block-latest-posts__post-date\">19. Juli 2024<\/time><div class=\"wp-block-latest-posts__post-excerpt\">Am 17.07\u00a0wurden wir zu mehreren Unwettereins\u00e4tzen im Gemeindegebiet alarmiert. Wir<\/div><div class=\"blog-btn\"><a href=\"https:\/\/www.ff-treffelsdorf.at\/?p=2196\" class=\"home-blog-btn\">Weiterlesen<\/a><\/div><\/li>\n<li><div class=\"wp-block-latest-posts__featured-image alignleft\"><a href=\"https:\/\/www.ff-treffelsdorf.at\/?p=2192\" aria-label=\"Brandeinsatz Liebenfels\"><img loading=\"lazy\" decoding=\"async\" width=\"150\" height=\"150\" src=\"https:\/\/www.ff-treffelsdorf.at\/wp-content\/uploads\/2024\/07\/297b4f98-2a49-4e8c-85f2-c653e906be76-150x150.jpeg\" class=\"attachment-thumbnail size-thumbnail wp-post-image\" alt=\"\" style=\"\" \/><\/a><\/div><a class=\"wp-block-latest-posts__post-title\" href=\"https:\/\/www.ff-treffelsdorf.at\/?p=2192\">Brandeinsatz Liebenfels<\/a><time datetime=\"2024-07-16T22:41:27+02:00\" class=\"wp-block-latest-posts__post-date\">16. Juli 2024<\/time><div class=\"wp-block-latest-posts__post-excerpt\">Heute wurden wir zu einem Brandeinsatz nach Liebenfels alarmiert. Ein<\/div><div class=\"blog-btn\"><a href=\"https:\/\/www.ff-treffelsdorf.at\/?p=2192\" class=\"home-blog-btn\">Weiterlesen<\/a><\/div><\/li>\n<li><div class=\"wp-block-latest-posts__featured-image alignleft\"><a href=\"https:\/\/www.ff-treffelsdorf.at\/?p=2189\" aria-label=\"T\u00fcr\u00f6ffnung\"><img loading=\"lazy\" decoding=\"async\" width=\"150\" height=\"150\" src=\"https:\/\/www.ff-treffelsdorf.at\/wp-content\/uploads\/2023\/11\/FB_IMG_1699187176512-150x150.jpg\" class=\"attachment-thumbnail size-thumbnail wp-post-image\" alt=\"\" style=\"\" \/><\/a><\/div><a class=\"wp-block-latest-posts__post-title\" href=\"https:\/\/www.ff-treffelsdorf.at\/?p=2189\">T\u00fcr\u00f6ffnung<\/a><time datetime=\"2024-06-07T21:07:07+02:00\" class=\"wp-block-latest-posts__post-date\">7. Juni 2024<\/time><div class=\"wp-block-latest-posts__post-excerpt\">Heute wurden wir um 11:41 Uhr zu einer T\u00fcr\u00f6ffnung alarmiert,<\/div><div class=\"blog-btn\"><a href=\"https:\/\/www.ff-treffelsdorf.at\/?p=2189\" class=\"home-blog-btn\">Weiterlesen<\/a><\/div><\/li>\n<li><div class=\"wp-block-latest-posts__featured-image alignleft\"><a href=\"https:\/\/www.ff-treffelsdorf.at\/?p=2154\" aria-label=\"Waldbrand\"><img loading=\"lazy\" decoding=\"async\" width=\"150\" height=\"150\" src=\"https:\/\/www.ff-treffelsdorf.at\/wp-content\/uploads\/2024\/04\/IMG-20240401-WA0040-150x150.jpg\" class=\"attachment-thumbnail size-thumbnail wp-post-image\" alt=\"\" style=\"\" \/><\/a><\/div><a class=\"wp-block-latest-posts__post-title\" href=\"https:\/\/www.ff-treffelsdorf.at\/?p=2154\">Waldbrand<\/a><time datetime=\"2024-04-01T16:03:01+02:00\" class=\"wp-block-latest-posts__post-date\">1. April 2024<\/time><div class=\"wp-block-latest-posts__post-excerpt\">Heute wurden wir gemeinsam mit den Feuerwehren Oberm\u00fchlbach-Schaumboden und St.Veit<\/div><div class=\"blog-btn\"><a href=\"https:\/\/www.ff-treffelsdorf.at\/?p=2154\" class=\"home-blog-btn\">Weiterlesen<\/a><\/div><\/li>\n<li><div class=\"wp-block-latest-posts__featured-image alignleft\"><a href=\"https:\/\/www.ff-treffelsdorf.at\/?p=2145\" aria-label=\"Verkehrsunfall\"><img loading=\"lazy\" decoding=\"async\" width=\"150\" height=\"150\" src=\"https:\/\/www.ff-treffelsdorf.at\/wp-content\/uploads\/2023\/11\/FB_IMG_1699187176512-150x150.jpg\" class=\"attachment-thumbnail size-thumbnail wp-post-image\" alt=\"\" style=\"\" \/><\/a><\/div><a class=\"wp-block-latest-posts__post-title\" href=\"https:\/\/www.ff-treffelsdorf.at\/?p=2145\">Verkehrsunfall<\/a><time datetime=\"2024-02-20T18:21:17+01:00\" class=\"wp-block-latest-posts__post-date\">20. Februar 2024<\/time><div class=\"wp-block-latest-posts__post-excerpt\">Heut wurden wir zu einem Verkehrsunfall mit vermutlich eingeklemmter Person<\/div><div class=\"blog-btn\"><a href=\"https:\/\/www.ff-treffelsdorf.at\/?p=2145\" class=\"home-blog-btn\">Weiterlesen<\/a><\/div><\/li>\n<li><div class=\"wp-block-latest-posts__featured-image alignleft\"><a href=\"https:\/\/www.ff-treffelsdorf.at\/?p=2104\" aria-label=\"Technischer Einsatz\"><img loading=\"lazy\" decoding=\"async\" width=\"150\" height=\"150\" src=\"https:\/\/www.ff-treffelsdorf.at\/wp-content\/uploads\/2024\/01\/Baum-auf-Fahrbahn-150x150.jpeg\" class=\"attachment-thumbnail size-thumbnail wp-post-image\" alt=\"\" style=\"\" \/><\/a><\/div><a class=\"wp-block-latest-posts__post-title\" href=\"https:\/\/www.ff-treffelsdorf.at\/?p=2104\">Technischer Einsatz<\/a><time datetime=\"2024-01-25T10:38:30+01:00\" class=\"wp-block-latest-posts__post-date\">25. Januar 2024<\/time><div class=\"wp-block-latest-posts__post-excerpt\">Heute wurden wir um 6:57Uhr zu einem auf die Fahrbahn<\/div><div class=\"blog-btn\"><a href=\"https:\/\/www.ff-treffelsdorf.at\/?p=2104\" class=\"home-blog-btn\">Weiterlesen<\/a><\/div><\/li>\n<li><div class=\"wp-block-latest-posts__featured-image alignleft\"><a href=\"https:\/\/www.ff-treffelsdorf.at\/?p=2099\" aria-label=\"Technischer Einsatz\"><img loading=\"lazy\" decoding=\"async\" width=\"150\" height=\"150\" src=\"https:\/\/www.ff-treffelsdorf.at\/wp-content\/uploads\/2024\/01\/IMG-20240101-WA0008-150x150.jpg\" class=\"attachment-thumbnail size-thumbnail wp-post-image\" alt=\"\" style=\"\" \/><\/a><\/div><a class=\"wp-block-latest-posts__post-title\" href=\"https:\/\/www.ff-treffelsdorf.at\/?p=2099\">Technischer Einsatz<\/a><time datetime=\"2024-01-01T16:23:27+01:00\" class=\"wp-block-latest-posts__post-date\">1. Januar 2024<\/time><div class=\"wp-block-latest-posts__post-excerpt\">Kurz nach dem Jahreswechsel um 01.41 Uhr wurden wir zu<\/div><div class=\"blog-btn\"><a href=\"https:\/\/www.ff-treffelsdorf.at\/?p=2099\" class=\"home-blog-btn\">Weiterlesen<\/a><\/div><\/li>\n<li><div class=\"wp-block-latest-posts__featured-image alignleft\"><a href=\"https:\/\/www.ff-treffelsdorf.at\/?p=2090\" aria-label=\"Baum auf Fahrbahn\"><img loading=\"lazy\" decoding=\"async\" width=\"150\" height=\"150\" src=\"https:\/\/www.ff-treffelsdorf.at\/wp-content\/uploads\/2023\/12\/IMG-20231202-WA0103-150x150.jpg\" class=\"attachment-thumbnail size-thumbnail wp-post-image\" alt=\"\" style=\"\" \/><\/a><\/div><a class=\"wp-block-latest-posts__post-title\" href=\"https:\/\/www.ff-treffelsdorf.at\/?p=2090\">Baum auf Fahrbahn<\/a><time datetime=\"2023-12-02T18:38:05+01:00\" class=\"wp-block-latest-posts__post-date\">2. Dezember 2023<\/time><div class=\"wp-block-latest-posts__post-excerpt\">Um 17:31 Uhr wurden wir neuerlich zu einem Baum auf<\/div><div class=\"blog-btn\"><a href=\"https:\/\/www.ff-treffelsdorf.at\/?p=2090\" class=\"home-blog-btn\">Weiterlesen<\/a><\/div><\/li>\n<li><div class=\"wp-block-latest-posts__featured-image alignleft\"><a href=\"https:\/\/www.ff-treffelsdorf.at\/?p=2086\" aria-label=\"Baum auf Fahrbahn\"><img loading=\"lazy\" decoding=\"async\" width=\"150\" height=\"150\" src=\"https:\/\/www.ff-treffelsdorf.at\/wp-content\/uploads\/2023\/12\/IMG-20231202-WA0001-150x150.jpg\" class=\"attachment-thumbnail size-thumbnail wp-post-image\" alt=\"\" style=\"\" \/><\/a><\/div><a class=\"wp-block-latest-posts__post-title\" href=\"https:\/\/www.ff-treffelsdorf.at\/?p=2086\">Baum auf Fahrbahn<\/a><time datetime=\"2023-12-02T17:13:16+01:00\" class=\"wp-block-latest-posts__post-date\">2. Dezember 2023<\/time><div class=\"wp-block-latest-posts__post-excerpt\">Heute Fr\u00fch wurden wir auf die S\u00f6rger Landesstra\u00dfe zu einem<\/div><div class=\"blog-btn\"><a href=\"https:\/\/www.ff-treffelsdorf.at\/?p=2086\" class=\"home-blog-btn\">Weiterlesen<\/a><\/div><\/li>\n<li><div class=\"wp-block-latest-posts__featured-image alignleft\"><a href=\"https:\/\/www.ff-treffelsdorf.at\/?p=2082\" aria-label=\"Gasgeruch im Geb\u00e4ude\"><img loading=\"lazy\" decoding=\"async\" width=\"150\" height=\"150\" src=\"https:\/\/www.ff-treffelsdorf.at\/wp-content\/uploads\/2023\/11\/IMG-20231115-WA0001-150x150.jpg\" class=\"attachment-thumbnail size-thumbnail wp-post-image\" alt=\"\" style=\"\" \/><\/a><\/div><a class=\"wp-block-latest-posts__post-title\" href=\"https:\/\/www.ff-treffelsdorf.at\/?p=2082\">Gasgeruch im Geb\u00e4ude<\/a><time datetime=\"2023-11-19T10:31:28+01:00\" class=\"wp-block-latest-posts__post-date\">19. November 2023<\/time><div class=\"wp-block-latest-posts__post-excerpt\">Am 15.11.2023 wurden wir gegen 12:30 gemeinsam mit der Feuerwehr<\/div><div class=\"blog-btn\"><a href=\"https:\/\/www.ff-treffelsdorf.at\/?p=2082\" class=\"home-blog-btn\">Weiterlesen<\/a><\/div><\/li>\n<li><div class=\"wp-block-latest-posts__featured-image alignleft\"><a href=\"https:\/\/www.ff-treffelsdorf.at\/?p=2078\" aria-label=\"Technischer Einsatz\"><img loading=\"lazy\" decoding=\"async\" width=\"150\" height=\"150\" src=\"https:\/\/www.ff-treffelsdorf.at\/wp-content\/uploads\/2023\/11\/FB_IMG_1699187176512-150x150.jpg\" class=\"attachment-thumbnail size-thumbnail wp-post-image\" alt=\"\" style=\"\" \/><\/a><\/div><a class=\"wp-block-latest-posts__post-title\" href=\"https:\/\/www.ff-treffelsdorf.at\/?p=2078\">Technischer Einsatz<\/a><time datetime=\"2023-11-05T13:27:09+01:00\" class=\"wp-block-latest-posts__post-date\">5. November 2023<\/time><div class=\"wp-block-latest-posts__post-excerpt\">Heute wurden wir wieder zu einem Einsatz nach Bei\u00dfendorf alarmiert.<\/div><div class=\"blog-btn\"><a href=\"https:\/\/www.ff-treffelsdorf.at\/?p=2078\" class=\"home-blog-btn\">Weiterlesen<\/a><\/div><\/li>\n<li><div class=\"wp-block-latest-posts__featured-image alignleft\"><a href=\"https:\/\/www.ff-treffelsdorf.at\/?p=2074\" aria-label=\"Bach trat \u00fcber die Ufer\"><img loading=\"lazy\" decoding=\"async\" width=\"150\" height=\"150\" src=\"https:\/\/www.ff-treffelsdorf.at\/wp-content\/uploads\/2023\/06\/20230610_160300-150x150.jpg\" class=\"attachment-thumbnail size-thumbnail wp-post-image\" alt=\"\" style=\"\" \/><\/a><\/div><a class=\"wp-block-latest-posts__post-title\" href=\"https:\/\/www.ff-treffelsdorf.at\/?p=2074\">Bach trat \u00fcber die Ufer<\/a><time datetime=\"2023-11-03T09:06:47+01:00\" class=\"wp-block-latest-posts__post-date\">3. November 2023<\/time><div class=\"wp-block-latest-posts__post-excerpt\">Heute wurden wir zu einem \u00fcber die Ufer getretenen Bach<\/div><div class=\"blog-btn\"><a href=\"https:\/\/www.ff-treffelsdorf.at\/?p=2074\" class=\"home-blog-btn\">Weiterlesen<\/a><\/div><\/li>\n<li><div class=\"wp-block-latest-posts__featured-image alignleft\"><a href=\"https:\/\/www.ff-treffelsdorf.at\/?p=2057\" aria-label=\"Technischer Einsatz\"><img loading=\"lazy\" decoding=\"async\" width=\"150\" height=\"150\" src=\"https:\/\/www.ff-treffelsdorf.at\/wp-content\/uploads\/2023\/10\/FB_IMG_1697913081853-150x150.jpg\" class=\"attachment-thumbnail size-thumbnail wp-post-image\" alt=\"\" style=\"\" \/><\/a><\/div><a class=\"wp-block-latest-posts__post-title\" href=\"https:\/\/www.ff-treffelsdorf.at\/?p=2057\">Technischer Einsatz<\/a><time datetime=\"2023-10-21T20:35:50+02:00\" class=\"wp-block-latest-posts__post-date\">21. Oktober 2023<\/time><div class=\"wp-block-latest-posts__post-excerpt\">Heute um 13:54 Uhr wurden gemeinsam mit der FF -Oberm\u00fchlbach\/Schaumboden<\/div><div class=\"blog-btn\"><a href=\"https:\/\/www.ff-treffelsdorf.at\/?p=2057\" class=\"home-blog-btn\">Weiterlesen<\/a><\/div><\/li>\n<li><div class=\"wp-block-latest-posts__featured-image alignleft\"><a href=\"https:\/\/www.ff-treffelsdorf.at\/?p=2028\" aria-label=\"Unwettereinsatz\"><img loading=\"lazy\" decoding=\"async\" width=\"150\" height=\"150\" src=\"https:\/\/www.ff-treffelsdorf.at\/wp-content\/uploads\/2023\/08\/Unwettereinsatz-28.08.2023-150x150.jpeg\" class=\"attachment-thumbnail size-thumbnail wp-post-image\" alt=\"\" style=\"\" \/><\/a><\/div><a class=\"wp-block-latest-posts__post-title\" href=\"https:\/\/www.ff-treffelsdorf.at\/?p=2028\">Unwettereinsatz<\/a><time datetime=\"2023-08-28T20:53:19+02:00\" class=\"wp-block-latest-posts__post-date\">28. August 2023<\/time><div class=\"wp-block-latest-posts__post-excerpt\">Heute wurden wir zu einem \u00fcber die Ufer getretenen Bach<\/div><div class=\"blog-btn\"><a href=\"https:\/\/www.ff-treffelsdorf.at\/?p=2028\" class=\"home-blog-btn\">Weiterlesen<\/a><\/div><\/li>\n<li><div class=\"wp-block-latest-posts__featured-image alignleft\"><a href=\"https:\/\/www.ff-treffelsdorf.at\/?p=2024\" aria-label=\"K\u00fcchenbrand in einem Einfamilienhaus\"><img loading=\"lazy\" decoding=\"async\" width=\"150\" height=\"150\" src=\"https:\/\/www.ff-treffelsdorf.at\/wp-content\/uploads\/2023\/08\/2b86fad1-cf06-4731-9813-eee391f43e9c-150x150.jpeg\" class=\"attachment-thumbnail size-thumbnail wp-post-image\" alt=\"\" style=\"\" \/><\/a><\/div><a class=\"wp-block-latest-posts__post-title\" href=\"https:\/\/www.ff-treffelsdorf.at\/?p=2024\">K\u00fcchenbrand in einem Einfamilienhaus<\/a><time datetime=\"2023-08-22T18:12:02+02:00\" class=\"wp-block-latest-posts__post-date\">22. August 2023<\/time><div class=\"wp-block-latest-posts__post-excerpt\">22. August 2023 &#8211; Waggendorf &#8211; Brandeinsatz Gegen 16:30 Uhr<\/div><div class=\"blog-btn\"><a href=\"https:\/\/www.ff-treffelsdorf.at\/?p=2024\" class=\"home-blog-btn\">Weiterlesen<\/a><\/div><\/li>\n<li><div class=\"wp-block-latest-posts__featured-image alignleft\"><a href=\"https:\/\/www.ff-treffelsdorf.at\/?p=2010\" aria-label=\"Einsatz KAT-ZUG 4\"><img loading=\"lazy\" decoding=\"async\" width=\"150\" height=\"150\" src=\"https:\/\/www.ff-treffelsdorf.at\/wp-content\/uploads\/2023\/08\/WhatsApp-Image-2023-08-10-at-11.04.40-e1691685198629-150x150.jpeg\" class=\"attachment-thumbnail size-thumbnail wp-post-image\" alt=\"\" style=\"\" \/><\/a><\/div><a class=\"wp-block-latest-posts__post-title\" href=\"https:\/\/www.ff-treffelsdorf.at\/?p=2010\">Einsatz KAT-ZUG 4<\/a><time datetime=\"2023-08-10T18:34:21+02:00\" class=\"wp-block-latest-posts__post-date\">10. August 2023<\/time><div class=\"wp-block-latest-posts__post-excerpt\">Heute sind insgesamt 4 Kameraden unserer Wehr beim Einsatz des<\/div><div class=\"blog-btn\"><a href=\"https:\/\/www.ff-treffelsdorf.at\/?p=2010\" class=\"home-blog-btn\">Weiterlesen<\/a><\/div><\/li>\n<li><div class=\"wp-block-latest-posts__featured-image alignleft\"><a href=\"https:\/\/www.ff-treffelsdorf.at\/?p=2004\" aria-label=\"Unwetter Eins\u00e4tze\"><img loading=\"lazy\" decoding=\"async\" width=\"150\" height=\"150\" src=\"https:\/\/www.ff-treffelsdorf.at\/wp-content\/uploads\/2023\/08\/IMG-20230806-WA0056-150x150.jpg\" class=\"attachment-thumbnail size-thumbnail wp-post-image\" alt=\"\" style=\"\" \/><\/a><\/div><a class=\"wp-block-latest-posts__post-title\" href=\"https:\/\/www.ff-treffelsdorf.at\/?p=2004\">Unwetter Eins\u00e4tze<\/a><time datetime=\"2023-08-07T21:09:40+02:00\" class=\"wp-block-latest-posts__post-date\">7. August 2023<\/time><div class=\"wp-block-latest-posts__post-excerpt\">Am vergangenen Wochenende wurden wir zu mehreren Eins\u00e4tzen, aufgrund der<\/div><div class=\"blog-btn\"><a href=\"https:\/\/www.ff-treffelsdorf.at\/?p=2004\" class=\"home-blog-btn\">Weiterlesen<\/a><\/div><\/li>\n<li><div class=\"wp-block-latest-posts__featured-image alignleft\"><a href=\"https:\/\/www.ff-treffelsdorf.at\/?p=1975\" aria-label=\"Unwettereins\u00e4tze Glanegg\"><img loading=\"lazy\" decoding=\"async\" width=\"150\" height=\"150\" src=\"https:\/\/www.ff-treffelsdorf.at\/wp-content\/uploads\/2023\/08\/Unwettereinsatz-Glanegg-150x150.jpg\" class=\"attachment-thumbnail size-thumbnail wp-post-image\" alt=\"\" style=\"\" \/><\/a><\/div><a class=\"wp-block-latest-posts__post-title\" href=\"https:\/\/www.ff-treffelsdorf.at\/?p=1975\">Unwettereins\u00e4tze Glanegg<\/a><time datetime=\"2023-08-01T17:45:24+02:00\" class=\"wp-block-latest-posts__post-date\">1. August 2023<\/time><div class=\"wp-block-latest-posts__post-excerpt\">Am 25.07 wurden wir telefonisch, von der Freiwilligen Feuerwehr Glanegg<\/div><div class=\"blog-btn\"><a href=\"https:\/\/www.ff-treffelsdorf.at\/?p=1975\" class=\"home-blog-btn\">Weiterlesen<\/a><\/div><\/li>\n<li><div class=\"wp-block-latest-posts__featured-image alignleft\"><a href=\"https:\/\/www.ff-treffelsdorf.at\/?p=1971\" aria-label=\"Brand- und technischer Einsatz\"><img loading=\"lazy\" decoding=\"async\" width=\"150\" height=\"150\" src=\"https:\/\/www.ff-treffelsdorf.at\/wp-content\/uploads\/2023\/07\/WhatsApp-Image-2023-07-20-at-21.35.21-150x150.jpeg\" class=\"attachment-thumbnail size-thumbnail wp-post-image\" alt=\"\" style=\"\" \/><\/a><\/div><a class=\"wp-block-latest-posts__post-title\" href=\"https:\/\/www.ff-treffelsdorf.at\/?p=1971\">Brand- und technischer Einsatz<\/a><time datetime=\"2023-07-20T21:43:28+02:00\" class=\"wp-block-latest-posts__post-date\">20. Juli 2023<\/time><div class=\"wp-block-latest-posts__post-excerpt\">Heute, am 20.07.2023, wurden wir gemeinsam mit den Feuerwehren St.Veit<\/div><div class=\"blog-btn\"><a href=\"https:\/\/www.ff-treffelsdorf.at\/?p=1971\" class=\"home-blog-btn\">Weiterlesen<\/a><\/div><\/li>\n<li><div class=\"wp-block-latest-posts__featured-image alignleft\"><a href=\"https:\/\/www.ff-treffelsdorf.at\/?p=1968\" aria-label=\"Unwettereins\u00e4tze\"><img loading=\"lazy\" decoding=\"async\" width=\"150\" height=\"150\" src=\"https:\/\/www.ff-treffelsdorf.at\/wp-content\/uploads\/2023\/07\/WhatsApp-Image-2023-07-18-at-19.35.13-150x150.jpeg\" class=\"attachment-thumbnail size-thumbnail wp-post-image\" alt=\"\" style=\"\" \/><\/a><\/div><a class=\"wp-block-latest-posts__post-title\" href=\"https:\/\/www.ff-treffelsdorf.at\/?p=1968\">Unwettereins\u00e4tze<\/a><time datetime=\"2023-07-20T18:07:27+02:00\" class=\"wp-block-latest-posts__post-date\">20. Juli 2023<\/time><div class=\"wp-block-latest-posts__post-excerpt\">Am 18.07.2023 wurden wir zu mehreren Eins\u00e4tzen in unserem Einsatzgebiet<\/div><div class=\"blog-btn\"><a href=\"https:\/\/www.ff-treffelsdorf.at\/?p=1968\" class=\"home-blog-btn\">Weiterlesen<\/a><\/div><\/li>\n<li><div class=\"wp-block-latest-posts__featured-image alignleft\"><a href=\"https:\/\/www.ff-treffelsdorf.at\/?p=1965\" aria-label=\"Technischer Einsatz\"><img loading=\"lazy\" decoding=\"async\" width=\"150\" height=\"150\" src=\"https:\/\/www.ff-treffelsdorf.at\/wp-content\/uploads\/2023\/07\/WhatsApp-Image-2023-07-18-at-00.30.55-150x150.jpeg\" class=\"attachment-thumbnail size-thumbnail wp-post-image\" alt=\"\" style=\"\" \/><\/a><\/div><a class=\"wp-block-latest-posts__post-title\" href=\"https:\/\/www.ff-treffelsdorf.at\/?p=1965\">Technischer Einsatz<\/a><time datetime=\"2023-07-20T18:02:15+02:00\" class=\"wp-block-latest-posts__post-date\">20. Juli 2023<\/time><div class=\"wp-block-latest-posts__post-excerpt\">Am 17.07.2023 wurden wir zu einem Einsatz im Ortsteil Sonnenh\u00fcgel<\/div><div class=\"blog-btn\"><a href=\"https:\/\/www.ff-treffelsdorf.at\/?p=1965\" class=\"home-blog-btn\">Weiterlesen<\/a><\/div><\/li>\n<li><div class=\"wp-block-latest-posts__featured-image alignleft\"><a href=\"https:\/\/www.ff-treffelsdorf.at\/?p=1884\" aria-label=\"Fahrzeug vor dem Absturz gesichert\"><img loading=\"lazy\" decoding=\"async\" width=\"150\" height=\"150\" src=\"https:\/\/www.ff-treffelsdorf.at\/wp-content\/uploads\/2023\/06\/Fahrzeugsicherung-ueber-35t-150x150.jpg\" class=\"attachment-thumbnail size-thumbnail wp-post-image\" alt=\"\" style=\"\" \/><\/a><\/div><a class=\"wp-block-latest-posts__post-title\" href=\"https:\/\/www.ff-treffelsdorf.at\/?p=1884\">Fahrzeug vor dem Absturz gesichert<\/a><time datetime=\"2023-06-13T18:11:03+02:00\" class=\"wp-block-latest-posts__post-date\">13. Juni 2023<\/time><div class=\"wp-block-latest-posts__post-excerpt\">Heute wurden wir gemeinsam mit der FF Oberm\u00fchlbach-Schaumboden zu Sicherungsarbeiten<\/div><div class=\"blog-btn\"><a href=\"https:\/\/www.ff-treffelsdorf.at\/?p=1884\" class=\"home-blog-btn\">Weiterlesen<\/a><\/div><\/li>\n<li><div class=\"wp-block-latest-posts__featured-image alignleft\"><a href=\"https:\/\/www.ff-treffelsdorf.at\/?p=1879\" aria-label=\"Sicherungsarbeiten nach Verkehrsunfall\"><img loading=\"lazy\" decoding=\"async\" width=\"150\" height=\"150\" src=\"https:\/\/www.ff-treffelsdorf.at\/wp-content\/uploads\/2023\/06\/20230610_160300-150x150.jpg\" class=\"attachment-thumbnail size-thumbnail wp-post-image\" alt=\"\" style=\"\" \/><\/a><\/div><a class=\"wp-block-latest-posts__post-title\" href=\"https:\/\/www.ff-treffelsdorf.at\/?p=1879\">Sicherungsarbeiten nach Verkehrsunfall<\/a><time datetime=\"2023-06-10T16:05:19+02:00\" class=\"wp-block-latest-posts__post-date\">10. Juni 2023<\/time><div class=\"wp-block-latest-posts__post-excerpt\">Am 05.06 wurden wir gemeinsam mit unserer Nachbarfeuerwehr Oberm\u00fchlbach-Schaumboden zu<\/div><div class=\"blog-btn\"><a href=\"https:\/\/www.ff-treffelsdorf.at\/?p=1879\" class=\"home-blog-btn\">Weiterlesen<\/a><\/div><\/li>\n<li><div class=\"wp-block-latest-posts__featured-image alignleft\"><a href=\"https:\/\/www.ff-treffelsdorf.at\/?p=1780\" aria-label=\"Brandeinsatz in St.Veit an der Glan\"><img loading=\"lazy\" decoding=\"async\" width=\"150\" height=\"150\" src=\"https:\/\/www.ff-treffelsdorf.at\/wp-content\/uploads\/2023\/03\/Brandeinsatz-Friesacher-Strasse-e1678893868126-150x150.jpeg\" class=\"attachment-thumbnail size-thumbnail wp-post-image\" alt=\"\" style=\"\" \/><\/a><\/div><a class=\"wp-block-latest-posts__post-title\" href=\"https:\/\/www.ff-treffelsdorf.at\/?p=1780\">Brandeinsatz in St.Veit an der Glan<\/a><time datetime=\"2023-03-04T11:36:37+01:00\" class=\"wp-block-latest-posts__post-date\">4. M\u00e4rz 2023<\/time><div class=\"wp-block-latest-posts__post-excerpt\">Am 19.02.2023 brach in der Friesacher Stra\u00dfe, in St.Veit an<\/div><div class=\"blog-btn\"><a href=\"https:\/\/www.ff-treffelsdorf.at\/?p=1780\" class=\"home-blog-btn\">Weiterlesen<\/a><\/div><\/li>\n<li><div class=\"wp-block-latest-posts__featured-image alignleft\"><a href=\"https:\/\/www.ff-treffelsdorf.at\/?p=1764\" aria-label=\"Brandeinsatz in St.Veit an der Glan\"><img loading=\"lazy\" decoding=\"async\" width=\"150\" height=\"150\" src=\"https:\/\/www.ff-treffelsdorf.at\/wp-content\/uploads\/2023\/01\/933D06D8-3035-4BE9-A0C0-AD94FD253A67-150x150.jpeg\" class=\"attachment-thumbnail size-thumbnail wp-post-image\" alt=\"\" style=\"\" \/><\/a><\/div><a class=\"wp-block-latest-posts__post-title\" href=\"https:\/\/www.ff-treffelsdorf.at\/?p=1764\">Brandeinsatz in St.Veit an der Glan<\/a><time datetime=\"2023-01-26T20:15:25+01:00\" class=\"wp-block-latest-posts__post-date\">26. Januar 2023<\/time><div class=\"wp-block-latest-posts__post-excerpt\">Gemeinsam mit mehreren Feuerwehren wurden wir heute um 1:40 Uhr<\/div><div class=\"blog-btn\"><a href=\"https:\/\/www.ff-treffelsdorf.at\/?p=1764\" class=\"home-blog-btn\">Weiterlesen<\/a><\/div><\/li>\n<li><div class=\"wp-block-latest-posts__featured-image alignleft\"><a href=\"https:\/\/www.ff-treffelsdorf.at\/?p=1756\" aria-label=\"Eins\u00e4tze nach Schneefall\"><img loading=\"lazy\" decoding=\"async\" width=\"150\" height=\"150\" src=\"https:\/\/www.ff-treffelsdorf.at\/wp-content\/uploads\/2023\/01\/8A9678A3-3730-4DBB-8549-CDA578DD2270-e1674564596894-150x150.jpeg\" class=\"attachment-thumbnail size-thumbnail wp-post-image\" alt=\"\" style=\"\" \/><\/a><\/div><a class=\"wp-block-latest-posts__post-title\" href=\"https:\/\/www.ff-treffelsdorf.at\/?p=1756\">Eins\u00e4tze nach Schneefall<\/a><time datetime=\"2023-01-24T09:49:12+01:00\" class=\"wp-block-latest-posts__post-date\">24. Januar 2023<\/time><div class=\"wp-block-latest-posts__post-excerpt\">24. J\u00e4nner 2023, Treffelsdorf Nach den starken Schneef\u00e4llen am 23.<\/div><div class=\"blog-btn\"><a href=\"https:\/\/www.ff-treffelsdorf.at\/?p=1756\" class=\"home-blog-btn\">Weiterlesen<\/a><\/div><\/li>\n<li><div class=\"wp-block-latest-posts__featured-image alignleft\"><a href=\"https:\/\/www.ff-treffelsdorf.at\/?p=1719\" aria-label=\"Verkehrsunfall auf der Ossiacher Bundesstra\u00dfe\"><img loading=\"lazy\" decoding=\"async\" width=\"150\" height=\"150\" src=\"https:\/\/www.ff-treffelsdorf.at\/wp-content\/uploads\/2022\/11\/Verkehrsunfall-1-150x150.jpg\" class=\"attachment-thumbnail size-thumbnail wp-post-image\" alt=\"\" style=\"\" \/><\/a><\/div><a class=\"wp-block-latest-posts__post-title\" href=\"https:\/\/www.ff-treffelsdorf.at\/?p=1719\">Verkehrsunfall auf der Ossiacher Bundesstra\u00dfe<\/a><time datetime=\"2022-11-29T19:14:15+01:00\" class=\"wp-block-latest-posts__post-date\">29. November 2022<\/time><div class=\"wp-block-latest-posts__post-excerpt\">25. November 2022 Am Nachmittag ereignete sich auf der Bundesstra\u00dfe<\/div><div class=\"blog-btn\"><a href=\"https:\/\/www.ff-treffelsdorf.at\/?p=1719\" class=\"home-blog-btn\">Weiterlesen<\/a><\/div><\/li>\n<li><div class=\"wp-block-latest-posts__featured-image alignleft\"><a href=\"https:\/\/www.ff-treffelsdorf.at\/?p=1721\" aria-label=\"Gro\u00dfbrand in St. Veit\/Glan\"><img loading=\"lazy\" decoding=\"async\" width=\"150\" height=\"150\" src=\"https:\/\/www.ff-treffelsdorf.at\/wp-content\/uploads\/2022\/11\/Brand-Lagerhalle-3-150x150.jpg\" class=\"attachment-thumbnail size-thumbnail wp-post-image\" alt=\"\" style=\"\" \/><\/a><\/div><a class=\"wp-block-latest-posts__post-title\" href=\"https:\/\/www.ff-treffelsdorf.at\/?p=1721\">Gro\u00dfbrand in St. Veit\/Glan<\/a><time datetime=\"2022-11-29T18:54:59+01:00\" class=\"wp-block-latest-posts__post-date\">29. November 2022<\/time><div class=\"wp-block-latest-posts__post-excerpt\">Am 14.11.2022 wurden wir gemeinsam mit 9 Feuerwehren zu einem<\/div><div class=\"blog-btn\"><a href=\"https:\/\/www.ff-treffelsdorf.at\/?p=1721\" class=\"home-blog-btn\">Weiterlesen<\/a><\/div><\/li>\n<li><div class=\"wp-block-latest-posts__featured-image alignleft\"><a href=\"https:\/\/www.ff-treffelsdorf.at\/?p=1686\" aria-label=\"Baum droht auf Wohnhaus zu st\u00fcrzen\"><img loading=\"lazy\" decoding=\"async\" width=\"150\" height=\"150\" src=\"https:\/\/www.ff-treffelsdorf.at\/wp-content\/uploads\/2022\/09\/B187E138-BE7F-47C5-9ACC-BC166692F882-150x150.jpeg\" class=\"attachment-thumbnail size-thumbnail wp-post-image\" alt=\"\" style=\"\" \/><\/a><\/div><a class=\"wp-block-latest-posts__post-title\" href=\"https:\/\/www.ff-treffelsdorf.at\/?p=1686\">Baum droht auf Wohnhaus zu st\u00fcrzen<\/a><time datetime=\"2022-09-18T18:45:07+02:00\" class=\"wp-block-latest-posts__post-date\">18. September 2022<\/time><div class=\"wp-block-latest-posts__post-excerpt\">Sonntag, 18. September 2022 Gegen 17:40 Uhr wurden wir zu<\/div><div class=\"blog-btn\"><a href=\"https:\/\/www.ff-treffelsdorf.at\/?p=1686\" class=\"home-blog-btn\">Weiterlesen<\/a><\/div><\/li>\n<li><div class=\"wp-block-latest-posts__featured-image alignleft\"><a href=\"https:\/\/www.ff-treffelsdorf.at\/?p=1614\" aria-label=\"Unwettereins\u00e4tze\"><img loading=\"lazy\" decoding=\"async\" width=\"150\" height=\"150\" src=\"https:\/\/www.ff-treffelsdorf.at\/wp-content\/uploads\/2022\/08\/WhatsApp-Image-2022-08-18-at-17.02.38-1-e1660841447648-150x150.jpeg\" class=\"attachment-thumbnail size-thumbnail wp-post-image\" alt=\"\" style=\"\" \/><\/a><\/div><a class=\"wp-block-latest-posts__post-title\" href=\"https:\/\/www.ff-treffelsdorf.at\/?p=1614\">Unwettereins\u00e4tze<\/a><time datetime=\"2022-08-18T18:52:28+02:00\" class=\"wp-block-latest-posts__post-date\">18. August 2022<\/time><div class=\"wp-block-latest-posts__post-excerpt\">Zu mehreren technischen Eins\u00e4tzen wurden wir am 18.08.2022 gerufen. Insgesamt<\/div><div class=\"blog-btn\"><a href=\"https:\/\/www.ff-treffelsdorf.at\/?p=1614\" class=\"home-blog-btn\">Weiterlesen<\/a><\/div><\/li>\n<li><div class=\"wp-block-latest-posts__featured-image alignleft\"><a href=\"https:\/\/www.ff-treffelsdorf.at\/?p=1574\" aria-label=\"Holz-LKW von Fahrbahn abgekommen\"><img loading=\"lazy\" decoding=\"async\" width=\"150\" height=\"150\" src=\"https:\/\/www.ff-treffelsdorf.at\/wp-content\/uploads\/2022\/07\/WhatsApp-Image-2022-07-28-at-08.29.27-e1659003873266-150x150.jpeg\" class=\"attachment-thumbnail size-thumbnail wp-post-image\" alt=\"\" style=\"\" \/><\/a><\/div><a class=\"wp-block-latest-posts__post-title\" href=\"https:\/\/www.ff-treffelsdorf.at\/?p=1574\">Holz-LKW von Fahrbahn abgekommen<\/a><time datetime=\"2022-07-28T11:24:50+02:00\" class=\"wp-block-latest-posts__post-date\">28. Juli 2022<\/time><div class=\"wp-block-latest-posts__post-excerpt\">Am 28.07.2022 um 7:44 wurden wir zu einem technischen Einsatz<\/div><div class=\"blog-btn\"><a href=\"https:\/\/www.ff-treffelsdorf.at\/?p=1574\" class=\"home-blog-btn\">Weiterlesen<\/a><\/div><\/li>\n<li><div class=\"wp-block-latest-posts__featured-image alignleft\"><a href=\"https:\/\/www.ff-treffelsdorf.at\/?p=1563\" aria-label=\"Baum auf Fahrbahn\"><img loading=\"lazy\" decoding=\"async\" width=\"150\" height=\"150\" src=\"https:\/\/www.ff-treffelsdorf.at\/wp-content\/uploads\/2022\/07\/Baum-auf-Fahrbahn-e1658941608284-150x150.jpeg\" class=\"attachment-thumbnail size-thumbnail wp-post-image\" alt=\"\" style=\"\" \/><\/a><\/div><a class=\"wp-block-latest-posts__post-title\" href=\"https:\/\/www.ff-treffelsdorf.at\/?p=1563\">Baum auf Fahrbahn<\/a><time datetime=\"2022-07-27T19:06:00+02:00\" class=\"wp-block-latest-posts__post-date\">27. Juli 2022<\/time><div class=\"wp-block-latest-posts__post-excerpt\">Am 25. Juli 2022 gegen 21:00 Uhr wurden wir zu<\/div><div class=\"blog-btn\"><a href=\"https:\/\/www.ff-treffelsdorf.at\/?p=1563\" class=\"home-blog-btn\">Weiterlesen<\/a><\/div><\/li>\n<li><a class=\"wp-block-latest-posts__post-title\" href=\"https:\/\/www.ff-treffelsdorf.at\/?p=1548\">Rennauto gegen Baum-Rettungshubschrauber im Einsatz<\/a><time datetime=\"2022-06-18T19:36:45+02:00\" class=\"wp-block-latest-posts__post-date\">18. Juni 2022<\/time><div class=\"wp-block-latest-posts__post-excerpt\">Schwerer Verkehrsunfall am heutigen Nachmittag. Gegen 17:00 Uhr wurden wir<\/div><div class=\"blog-btn\"><a href=\"https:\/\/www.ff-treffelsdorf.at\/?p=1548\" class=\"home-blog-btn\">Weiterlesen<\/a><\/div><\/li>\n<li><a class=\"wp-block-latest-posts__post-title\" href=\"https:\/\/www.ff-treffelsdorf.at\/?p=1510\">Suchaktion in Glanegg<\/a><time datetime=\"2022-05-26T11:16:52+02:00\" class=\"wp-block-latest-posts__post-date\">26. Mai 2022<\/time><div class=\"wp-block-latest-posts__post-excerpt\">Eine 72-j\u00e4hrige Klagenfurterin wurde seit gestern Mittag im Bereich Glanegg<\/div><div class=\"blog-btn\"><a href=\"https:\/\/www.ff-treffelsdorf.at\/?p=1510\" class=\"home-blog-btn\">Weiterlesen<\/a><\/div><\/li>\n<li><div class=\"wp-block-latest-posts__featured-image alignleft\"><a href=\"https:\/\/www.ff-treffelsdorf.at\/?p=1425\" aria-label=\"Wiesenbrand B4 17.04.2022\"><img loading=\"lazy\" decoding=\"async\" width=\"150\" height=\"150\" src=\"https:\/\/www.ff-treffelsdorf.at\/wp-content\/uploads\/2022\/04\/Wiesenbrand_1-150x150.jpeg\" class=\"attachment-thumbnail size-thumbnail wp-post-image\" alt=\"\" style=\"\" srcset=\"https:\/\/www.ff-treffelsdorf.at\/wp-content\/uploads\/2022\/04\/Wiesenbrand_1-150x150.jpeg 150w, https:\/\/www.ff-treffelsdorf.at\/wp-content\/uploads\/2022\/04\/Wiesenbrand_1-300x300.jpeg 300w, https:\/\/www.ff-treffelsdorf.at\/wp-content\/uploads\/2022\/04\/Wiesenbrand_1-100x100.jpeg 100w\" sizes=\"(max-width: 150px) 100vw, 150px\" \/><\/a><\/div><a class=\"wp-block-latest-posts__post-title\" href=\"https:\/\/www.ff-treffelsdorf.at\/?p=1425\">Wiesenbrand B4 17.04.2022<\/a><time datetime=\"2022-04-18T21:38:37+02:00\" class=\"wp-block-latest-posts__post-date\">18. April 2022<\/time><div class=\"wp-block-latest-posts__post-excerpt\">Am 17.04.2022 wurden um 21:31 Uhr die Feuerwehren Treffelsdorf, Oberm\u00fchlbach-Schaumboden<\/div><div class=\"blog-btn\"><a href=\"https:\/\/www.ff-treffelsdorf.at\/?p=1425\" class=\"home-blog-btn\">Weiterlesen<\/a><\/div><\/li>\n<li><div class=\"wp-block-latest-posts__featured-image alignleft\"><a href=\"https:\/\/www.ff-treffelsdorf.at\/?p=1414\" aria-label=\"Brand Osterhaufen B2 15.04.2022\"><img loading=\"lazy\" decoding=\"async\" width=\"150\" height=\"150\" src=\"https:\/\/www.ff-treffelsdorf.at\/wp-content\/uploads\/2022\/04\/Osterhaufe-150x150.jpeg\" class=\"attachment-thumbnail size-thumbnail wp-post-image\" alt=\"\" style=\"\" srcset=\"https:\/\/www.ff-treffelsdorf.at\/wp-content\/uploads\/2022\/04\/Osterhaufe-150x150.jpeg 150w, https:\/\/www.ff-treffelsdorf.at\/wp-content\/uploads\/2022\/04\/Osterhaufe-300x300.jpeg 300w, https:\/\/www.ff-treffelsdorf.at\/wp-content\/uploads\/2022\/04\/Osterhaufe-100x100.jpeg 100w\" sizes=\"(max-width: 150px) 100vw, 150px\" \/><\/a><\/div><a class=\"wp-block-latest-posts__post-title\" href=\"https:\/\/www.ff-treffelsdorf.at\/?p=1414\">Brand Osterhaufen B2 15.04.2022<\/a><time datetime=\"2022-04-15T02:45:00+02:00\" class=\"wp-block-latest-posts__post-date\">15. April 2022<\/time><div class=\"wp-block-latest-posts__post-excerpt\">Gegen 01:30 Uhr wurden wir zum Brandeinsatz alarmiert. Die Einsatzstelle<\/div><div class=\"blog-btn\"><a href=\"https:\/\/www.ff-treffelsdorf.at\/?p=1414\" class=\"home-blog-btn\">Weiterlesen<\/a><\/div><\/li>\n<li><div class=\"wp-block-latest-posts__featured-image alignleft\"><a href=\"https:\/\/www.ff-treffelsdorf.at\/?p=1387\" aria-label=\"B2 29.03.2022 16:21 Uhr\"><img loading=\"lazy\" decoding=\"async\" width=\"150\" height=\"150\" src=\"https:\/\/www.ff-treffelsdorf.at\/wp-content\/uploads\/2022\/03\/B2-28.03.2022_3-150x150.jpeg\" class=\"attachment-thumbnail size-thumbnail wp-post-image\" alt=\"\" style=\"\" srcset=\"https:\/\/www.ff-treffelsdorf.at\/wp-content\/uploads\/2022\/03\/B2-28.03.2022_3-150x150.jpeg 150w, https:\/\/www.ff-treffelsdorf.at\/wp-content\/uploads\/2022\/03\/B2-28.03.2022_3-300x300.jpeg 300w, https:\/\/www.ff-treffelsdorf.at\/wp-content\/uploads\/2022\/03\/B2-28.03.2022_3-100x100.jpeg 100w\" sizes=\"(max-width: 150px) 100vw, 150px\" \/><\/a><\/div><a class=\"wp-block-latest-posts__post-title\" href=\"https:\/\/www.ff-treffelsdorf.at\/?p=1387\">B2 29.03.2022 16:21 Uhr<\/a><time datetime=\"2022-03-29T08:02:56+02:00\" class=\"wp-block-latest-posts__post-date\">29. M\u00e4rz 2022<\/time><div class=\"wp-block-latest-posts__post-excerpt\">Am 29.03.2022 wurden wir um 16:21 Uhr zu einem Brandeinsatz<\/div><div class=\"blog-btn\"><a href=\"https:\/\/www.ff-treffelsdorf.at\/?p=1387\" class=\"home-blog-btn\">Weiterlesen<\/a><\/div><\/li>\n<li><div class=\"wp-block-latest-posts__featured-image alignleft\"><a href=\"https:\/\/www.ff-treffelsdorf.at\/?p=937\" aria-label=\"T Unwetter 1 05.01.2022 18:54 Uhr\"><img loading=\"lazy\" decoding=\"async\" width=\"150\" height=\"150\" src=\"https:\/\/www.ff-treffelsdorf.at\/wp-content\/uploads\/2022\/01\/WhatsApp-Image-2022-01-05-at-19.15.25-e1641546886840-150x150.jpeg\" class=\"attachment-thumbnail size-thumbnail wp-post-image\" alt=\"\" style=\"\" srcset=\"https:\/\/www.ff-treffelsdorf.at\/wp-content\/uploads\/2022\/01\/WhatsApp-Image-2022-01-05-at-19.15.25-e1641546886840-150x150.jpeg 150w, https:\/\/www.ff-treffelsdorf.at\/wp-content\/uploads\/2022\/01\/WhatsApp-Image-2022-01-05-at-19.15.25-e1641546886840-300x300.jpeg 300w, https:\/\/www.ff-treffelsdorf.at\/wp-content\/uploads\/2022\/01\/WhatsApp-Image-2022-01-05-at-19.15.25-e1641546886840-100x100.jpeg 100w\" sizes=\"(max-width: 150px) 100vw, 150px\" \/><\/a><\/div><a class=\"wp-block-latest-posts__post-title\" href=\"https:\/\/www.ff-treffelsdorf.at\/?p=937\">T Unwetter 1 05.01.2022 18:54 Uhr<\/a><time datetime=\"2022-01-07T10:08:59+01:00\" class=\"wp-block-latest-posts__post-date\">7. Januar 2022<\/time><div class=\"wp-block-latest-posts__post-excerpt\">Am 05.01.2022 wurde unsere Wehr zu einem Einsatz, wegen eines<\/div><div class=\"blog-btn\"><a href=\"https:\/\/www.ff-treffelsdorf.at\/?p=937\" class=\"home-blog-btn\">Weiterlesen<\/a><\/div><\/li>\n<li><div class=\"wp-block-latest-posts__featured-image alignleft\"><a href=\"https:\/\/www.ff-treffelsdorf.at\/?p=467\" aria-label=\"T Unwetter 1 09.12.2021 13:17 Uhr\"><img loading=\"lazy\" decoding=\"async\" width=\"150\" height=\"150\" src=\"https:\/\/www.ff-treffelsdorf.at\/wp-content\/uploads\/2021\/12\/T-U-2-1-150x150.jpg\" class=\"attachment-thumbnail size-thumbnail wp-post-image\" alt=\"\" style=\"\" srcset=\"https:\/\/www.ff-treffelsdorf.at\/wp-content\/uploads\/2021\/12\/T-U-2-1-150x150.jpg 150w, https:\/\/www.ff-treffelsdorf.at\/wp-content\/uploads\/2021\/12\/T-U-2-1-e1640272844970-100x100.jpg 100w\" sizes=\"(max-width: 150px) 100vw, 150px\" \/><\/a><\/div><a class=\"wp-block-latest-posts__post-title\" href=\"https:\/\/www.ff-treffelsdorf.at\/?p=467\">T Unwetter 1 09.12.2021 13:17 Uhr<\/a><time datetime=\"2021-12-20T19:19:32+01:00\" class=\"wp-block-latest-posts__post-date\">20. Dezember 2021<\/time><div class=\"wp-block-latest-posts__post-excerpt\">Gegen 13:20 Uhr wurden wir durch die LAWZ (Landesalarm und<\/div><div class=\"blog-btn\"><a href=\"https:\/\/www.ff-treffelsdorf.at\/?p=467\" class=\"home-blog-btn\">Weiterlesen<\/a><\/div><\/li>\n<\/ul><\/div>\n<\/div>\n","protected":false},"excerpt":{"rendered":"","protected":false},"author":1,"featured_media":0,"parent":0,"menu_order":0,"comment_status":"closed","ping_status":"closed","template":"template\/template-page-full-width.php","meta":{"footnotes":""},"class_list":["post-42","page","type-page","status-publish","hentry"],"_links":{"self":[{"href":"https:\/\/www.ff-treffelsdorf.at\/index.php?rest_route=\/wp\/v2\/pages\/42","targetHints":{"allow":["GET"]}}],"collection":[{"href":"https:\/\/www.ff-treffelsdorf.at\/index.php?rest_route=\/wp\/v2\/pages"}],"about":[{"href":"https:\/\/www.ff-treffelsdorf.at\/index.php?rest_route=\/wp\/v2\/types\/page"}],"author":[{"embeddable":true,"href":"https:\/\/www.ff-treffelsdorf.at\/index.php?rest_route=\/wp\/v2\/users\/1"}],"replies":[{"embeddable":true,"href":"https:\/\/www.ff-treffelsdorf.at\/index.php?rest_route=%2Fwp%2Fv2%2Fcomments&post=42"}],"version-history":[{"count":7,"href":"https:\/\/www.ff-treffelsdorf.at\/index.php?rest_route=\/wp\/v2\/pages\/42\/revisions"}],"predecessor-version":[{"id":547,"href":"https:\/\/www.ff-treffelsdorf.at\/index.php?rest_route=\/wp\/v2\/pages\/42\/revisions\/547"}],"wp:attachment":[{"href":"https:\/\/www.ff-treffelsdorf.at\/index.php?rest_route=%2Fwp%2Fv2%2Fmedia&parent=42"}],"curies":[{"name":"wp","href":"https:\/\/api.w.org\/{rel}","templated":true}]}}